{"version":"1.0","provider_name":"sophiemate","provider_url":"https:\/\/sophiemate.cafeblog.hu","author_name":"sophiemate","author_url":"https:\/\/sophiemate.cafeblog.hu\/author\/sophiemate\/","title":"11PROGRAM","html":"<h1 style=\"text-align:center\">CULTIVO, Te is adod a t\u00fal\u00f3r\u00e1t?<\/h1>\n<p style=\"text-align:justify\"><strong>Ha megtudod, hogy mi ez, akkor biztosan! Ha szereted a jobbn\u00e1l jobb belv\u00e1rosi sz\u00f3rakoz\u00f3helyeket, szeretsz sikeres, c\u00e9ltudatos fiatalokkal tal\u00e1lkozni, ismerkedni, \u00e9s mindemellett okos dolgokat hallgatni, akkor ez a Te programod (is) lesz.<\/strong><\/p>\n<p style=\"text-align:justify\"><a href=\"https:\/\/sophiemate.cafeblog.hu\/files\/2013\/02\/314548_317844704992256_980874171_n.jpg\"><img class=\"aligncenter size-full wp-image-308\" alt=\"314548_317844704992256_980874171_n\" src=\"https:\/\/sophiemate.cafeblog.hu\/files\/2013\/02\/314548_317844704992256_980874171_n.jpg\" width=\"640\" height=\"425\" \/><\/a><\/p>\n<p style=\"text-align:justify\">\u00c9n mindig szerettem workshopokra, konferenci\u00e1kra, el\u0151ad\u00e1sokra j\u00e1rni, \u00fagyhogy amikor a facebookon barangolva a <a href=\"http:\/\/www.facebook.com\/cultivoevents?\">Cultivora <\/a>tal\u00e1ltam term\u00e9szetesen like-oltam \u00e9s m\u00e1r szerveztem is a csajokat, hogy a k\u00f6vetkez\u0151re ugye j\u00f6nnek velem?<\/p>\n<p style=\"text-align:justify\">Szerencs\u00e9re nem kellett t\u00fal sokat v\u00e1rnom, mert ez egy havonta megrendez\u00e9sre ker\u00fcl\u0151 rendezv\u00e9nysorozat, de addig is meg tudtam n\u00e9zni az els\u0151 t\u00fal\u00f3r\u00e1r\u00f3l k\u00e9sz\u00fclt <a href=\"http:\/\/www.youtube.com\/watch?v=jLHDWXn8_Ag&amp;feature=player_embedded\">videot<\/a>. Nah, h\u00e1t ez m\u00e9g jobban felcsig\u00e1zott, ugyanis sikeres marketingesek voltak a kerekasztal besz\u00e9lget\u00e9s tagjai, \u00e9s a n\u00e9z\u0151k k\u00f6z\u00f6tt megtal\u00e1ltam egy volt oszt\u00e1lyt\u00e1rsamat is. :) A besz\u00e9lget\u00e9sen r\u00e9szt vett Kar\u00e1nyi Dani, (akit sokan a zenei tev\u00e9kenys\u00e9g\u00e9r\u0151l ismerhetnek) de a Friendly nev\u0171 \u00fcgyn\u00f6ks\u00e9g tulajdonosa is, Romet-Balla \u00c1gnes, aki a UNICEF kommunik\u00e1ci\u00f3s igazgat\u00f3ja \u00e9s Tak\u00e1cs \u00c1kos, a Red Bull culture managere. Szerintem rengeteg \u00e9rdekes dolgot mondtak, de ink\u00e1bb n\u00e9zz\u00e9tek meg a videot. A besz\u00e9lget\u00e9snek (\u00e9s az ut\u00e1na k\u00f6vetkez\u0151 bulinak) az <a href=\"http:\/\/www.facebook.com\/urimuribudapest?fref=ts\">URIMURI <\/a>adott otthont.<\/p>\n<p style=\"text-align:justify\"><a href=\"https:\/\/sophiemate.cafeblog.hu\/files\/2013\/02\/602357_306510606125666_1823825558_n.jpg\"><img class=\"aligncenter size-full wp-image-314\" alt=\"602357_306510606125666_1823825558_n\" src=\"https:\/\/sophiemate.cafeblog.hu\/files\/2013\/02\/602357_306510606125666_1823825558_n.jpg\" width=\"640\" height=\"426\" \/><\/a><img class=\"aligncenter size-full wp-image-311\" alt=\"486291_306510752792318_189343172_n\" src=\"https:\/\/sophiemate.cafeblog.hu\/files\/2013\/02\/486291_306510752792318_189343172_n.jpg\" width=\"640\" height=\"427\" \/> <a href=\"https:\/\/sophiemate.cafeblog.hu\/files\/2013\/02\/8813_306510546125672_1479178139_n.jpg\"><img class=\"aligncenter size-full wp-image-300\" alt=\"8813_306510546125672_1479178139_n\" src=\"https:\/\/sophiemate.cafeblog.hu\/files\/2013\/02\/8813_306510546125672_1479178139_n.jpg\" width=\"640\" height=\"426\" \/><\/a><a href=\"https:\/\/sophiemate.cafeblog.hu\/files\/2013\/02\/598411_306510796125647_1688932027_n.jpg\"><img class=\"aligncenter size-full wp-image-313\" alt=\"598411_306510796125647_1688932027_n\" src=\"https:\/\/sophiemate.cafeblog.hu\/files\/2013\/02\/598411_306510796125647_1688932027_n.jpg\" width=\"640\" height=\"427\" \/><\/a><\/p>\n<p style=\"text-align:justify\">A k\u00f6vetkez\u0151 alkalom az <a href=\"http:\/\/www.facebook.com\/akvariumklub?fref=ts\">Akv\u00e1rium Klubban<\/a> ker\u00fclt megrendez\u00e9sre, ami sz\u00e1momra plusz pont volt, hiszen munka ut\u00e1n csak \u00e1trohantam. :) Ez a besz\u00e9lget\u00e9s pedig a <strong>sz\u00f3rakoztat\u00e1sr\u00f3l<\/strong> sz\u00f3lt, 4 ember, akik az\u00e9rt \"felelnek\", hogy mi mindig j\u00f3l \u00e9rezhess\u00fck magunkat a budapesti (vagy a fesztiv\u00e1lok) \u00e9jszak\u00e1iban. A vend\u00e9gek: Cs\u00f3kay Bence (4BRO, \u00d6tkert, BoB, K\u00f6z\u00e9rt B\u00e1r), Gerendai K\u00e1roly (Sziget, Balaton Sound, Volt), Maros R\u00f3bert (Akv\u00e1rium, R\u00e9zangyal) \u00e9s Sz\u00e1raz Istv\u00e1n (Trafiq, M\u00e9ter B\u00e1r, Macesz Husz\u00e1r). A hangulatot el\u00e9g j\u00f3l visszaadja az est\u00e9r\u0151l k\u00e9sz\u00fclt <a href=\"http:\/\/www.youtube.com\/watch?v=0tihiWwy3oc&amp;feature=player_embedded\">video<\/a>, de az\u00e9rt szem\u00e9lyesen ott lenni m\u00e9gis m\u00e1s feeling. \u00c9n legal\u00e1bbis mindenkinek aj\u00e1nlom.<\/p>\n<p style=\"text-align:justify\"><a href=\"https:\/\/sophiemate.cafeblog.hu\/files\/2013\/02\/12096_314963081947085_1199713026_n.jpg\"><img class=\"aligncenter size-full wp-image-303\" alt=\"12096_314963081947085_1199713026_n\" src=\"https:\/\/sophiemate.cafeblog.hu\/files\/2013\/02\/12096_314963081947085_1199713026_n.jpg\" width=\"640\" height=\"425\" \/><\/a> <a href=\"https:\/\/sophiemate.cafeblog.hu\/files\/2013\/02\/598358_314962728613787_1876446219_n.jpg\"><img class=\"aligncenter size-full wp-image-298\" alt=\"598358_314962728613787_1876446219_n\" src=\"https:\/\/sophiemate.cafeblog.hu\/files\/2013\/02\/598358_314962728613787_1876446219_n.jpg\" width=\"640\" height=\"425\" \/><\/a> <a href=\"https:\/\/sophiemate.cafeblog.hu\/files\/2013\/02\/3774_314962841947109_1079154297_n.jpg\"><img class=\"aligncenter size-full wp-image-299\" alt=\"3774_314962841947109_1079154297_n\" src=\"https:\/\/sophiemate.cafeblog.hu\/files\/2013\/02\/3774_314962841947109_1079154297_n.jpg\" width=\"640\" height=\"425\" \/><\/a><a href=\"https:\/\/sophiemate.cafeblog.hu\/files\/2013\/02\/8881_314963315280395_332434367_n.jpg\"><img class=\"aligncenter size-full wp-image-301\" alt=\"8881_314963315280395_332434367_n\" src=\"https:\/\/sophiemate.cafeblog.hu\/files\/2013\/02\/8881_314963315280395_332434367_n.jpg\" width=\"640\" height=\"425\" \/><\/a> <a href=\"https:\/\/sophiemate.cafeblog.hu\/files\/2013\/02\/407287_314963341947059_1493261086_n.jpg\"><img class=\"aligncenter size-full wp-image-310\" alt=\"407287_314963341947059_1493261086_n\" src=\"https:\/\/sophiemate.cafeblog.hu\/files\/2013\/02\/407287_314963341947059_1493261086_n.jpg\" width=\"640\" height=\"425\" \/><\/a> <a href=\"https:\/\/sophiemate.cafeblog.hu\/files\/2013\/02\/68989_314963508613709_1314615365_n.jpg\"><img class=\"aligncenter size-full wp-image-305\" alt=\"68989_314963508613709_1314615365_n\" src=\"https:\/\/sophiemate.cafeblog.hu\/files\/2013\/02\/68989_314963508613709_1314615365_n.jpg\" width=\"640\" height=\"408\" \/><\/a><\/p>\n<p style=\"text-align:justify\">A k\u00f6vetkez\u0151 Culivo pedig m\u00e1r hamarosan itt van, m\u00e9ghozz\u00e1 j\u00f6v\u0151 h\u00e9t szerd\u00e1n a<a href=\"http:\/\/www.facebook.com\/trafiq18?ref=ts&amp;fref=ts\"> Trafiq<\/a>ban.<a href=\"https:\/\/sophiemate.cafeblog.hu\/files\/2013\/02\/379191_343258622450864_828835937_n.jpg\"><img class=\"aligncenter size-full wp-image-297\" alt=\"379191_343258622450864_828835937_n\" src=\"https:\/\/sophiemate.cafeblog.hu\/files\/2013\/02\/379191_343258622450864_828835937_n.jpg\" width=\"640\" height=\"236\" \/><\/a>Ahol olyan startup sikerekr\u0151l hallhatunk, mint a <a href=\"http:\/\/www.facebook.com\/kitchenbudapest?fref=ts\">Kitchen Budapest<\/a>, a <a href=\"http:\/\/www.facebook.com\/cserpestejivo?fref=ts\">Cserpes<\/a>, a <a href=\"http:\/\/www.facebook.com\/ustream?fref=ts\">Ustream<\/a> \u00e9s a <a href=\"http:\/\/www.facebook.com\/remaginetech\/info\">Remagine<\/a>. Sz\u00f3val biztosan izgi lesz, mi a csajokkal tutira ott lesz\u00fcnk \u00e9s bulizni is maradunk!<\/p>\n<p style=\"text-align:justify\">\u00c9s ne felejts\u00fck el <strong>megk\u00f6sz\u00f6nni<\/strong> a Cultivo meg\u00e1lmod\u00f3inak \u00e9s szervez\u0151inek, hogy ilyen szuper programokat ny\u00fajtanak nek\u00fcnk h\u00f3napr\u00f3l-h\u00f3napra! A <a href=\"http:\/\/www.cultivo.hu\/\">cultivo.hu<\/a>-n a hiperszuper meg\u00fajult weblapjukon megismerhetitek Bettit, Csabit \u00e9s Gerg\u0151t is! :)<\/p>\n<p style=\"text-align:center\">Teh\u00e1t j\u00f6v\u0151 h\u00e9t <strong>szerda<\/strong> (febru\u00e1r 27.) <strong>20 \u00f3ra<\/strong> Cultivo a Trafiqban, \u00edrj\u00e1tok be a napt\u00e1ratokba \u00e9s ne felejtsetek el regisztr\u00e1lni a honlapon!!<\/p>\n<p style=\"text-align:center\"><a href=\"https:\/\/sophiemate.cafeblog.hu\/files\/2013\/02\/xoxo1-e13612766329542.jpg\"><img class=\"aligncenter size-full wp-image-117\" alt=\"xoxo\" src=\"https:\/\/sophiemate.cafeblog.hu\/files\/2013\/02\/xoxo1-e13612766329542.jpg\" width=\"100\" height=\"67\" \/><\/a><\/p>\n<p style=\"text-align:justify\"><\/p>","type":"rich"}